{"id":40,"date":"2026-04-06T13:23:29","date_gmt":"2026-04-06T13:23:29","guid":{"rendered":"https:\/\/gamratp.fr\/?page_id=40"},"modified":"2026-04-06T16:23:24","modified_gmt":"2026-04-06T16:23:24","slug":"lharmonie","status":"publish","type":"page","link":"https:\/\/gamratp.fr\/lharmonie\/","title":{"rendered":"L&rsquo;Harmonie"},"content":{"rendered":"\n<div class=\"wp-block-group\"><div class=\"wp-block-group__inner-container is-layout-constrained wp-block-group-is-layout-constrained\">\n<h3 class=\"wp-block-heading\">Plus d&rsquo;un si\u00e8cle d&rsquo;histoire<\/h3>\n\n\n\n<p>N\u00e9e de la fusion des orchestres de la <strong>CMP<\/strong> (m\u00e9tro) et de la <strong>STCRP<\/strong> (bus), notre Harmonie accompagne l&rsquo;histoire des transports parisiens depuis plus de 120 ans.<\/p>\n\n\n\n<ul class=\"wp-block-list\">\n<li><strong>1905 :<\/strong> Cr\u00e9ation de l&rsquo;Harmonie du M\u00e9tropolitain.<\/li>\n\n\n\n<li><strong>1945 :<\/strong> Naissance de l&rsquo;actuelle Harmonie du Personnel de la RATP.<\/li>\n\n\n\n<li><strong>1975 :<\/strong> L&rsquo;orchestre prend une dimension internationale avec l&rsquo;obtention de la <strong>Lyre d&rsquo;Or<\/strong> \u00e0 Vichy.<\/li>\n<\/ul>\n\n\n\n<hr class=\"wp-block-separator has-alpha-channel-opacity\"\/>\n\n\n\n<h3 class=\"wp-block-heading\">Une direction d\u2019excellence<\/h3>\n\n\n\n<p>Depuis 1996, l\u2019orchestre est plac\u00e9 sous la baguette de <strong>Martin Lebel<\/strong>.<\/p>\n\n\n\n<ul class=\"wp-block-list\">\n<li>Chef d&rsquo;orchestre international (laur\u00e9at du concours Mitropoulos).<\/li>\n\n\n\n<li>Direction artistique ax\u00e9e sur l&rsquo;exigence et l&rsquo;\u00e9clectisme.<\/li>\n<\/ul>\n\n\n\n<hr class=\"wp-block-separator has-alpha-channel-opacity\"\/>\n\n\n\n<h3 class=\"wp-block-heading\">Notre identit\u00e9 musicale<\/h3>\n\n\n\n<p>L&rsquo;Harmonie se distingue par son esprit <strong>populaire et exigeant<\/strong>. Contrairement au symphonique classique, les orchestre d&rsquo;Harmonie cultivent la richesse sonore des instruments \u00e0 vent.<\/p>\n\n\n\n<ul class=\"wp-block-list\">\n<li><strong>R\u00e9pertoire :<\/strong> Un m\u00e9lange de transcriptions classiques et de pi\u00e8ces originales pour orchestre d&rsquo;harmonie.<\/li>\n\n\n\n<li><strong>\u00c9v\u00e9nements :<\/strong> Concerts de gala annuels, \u00ab\u00a0Kiosques en F\u00eate\u00a0\u00bb, et prestations lors des grands moments de la RATP (inaugurations de lignes, v\u0153ux institutionnels).<\/li>\n<\/ul>\n\n\n\n<blockquote class=\"wp-block-quote is-layout-flow wp-block-quote-is-layout-flow\">\n<p><strong>Le saviez-vous ?<\/strong> Les racines ouvri\u00e8res de l&rsquo;Harmonie en font un orchestre accessible, transformant chaque gare ou kiosque en v\u00e9ritable salle de concert vivante.<\/p>\n<\/blockquote>\n<\/div><\/div>\n","protected":false},"excerpt":{"rendered":"<p>Plus d&rsquo;un si\u00e8cle d&rsquo;histoire N\u00e9e de la fusion des orchestres de la CMP (m\u00e9tro) et de la STCRP (bus), notre Harmonie accompagne l&rsquo;histoire des transports\u2026<\/p>\n","protected":false},"author":2,"featured_media":0,"parent":0,"menu_order":0,"comment_status":"closed","ping_status":"closed","template":"","meta":{"footnotes":""},"class_list":["post-40","page","type-page","status-publish","hentry"],"_links":{"self":[{"href":"https:\/\/gamratp.fr\/wp-json\/wp\/v2\/pages\/40","targetHints":{"allow":["GET"]}}],"collection":[{"href":"https:\/\/gamratp.fr\/wp-json\/wp\/v2\/pages"}],"about":[{"href":"https:\/\/gamratp.fr\/wp-json\/wp\/v2\/types\/page"}],"author":[{"embeddable":true,"href":"https:\/\/gamratp.fr\/wp-json\/wp\/v2\/users\/2"}],"replies":[{"embeddable":true,"href":"https:\/\/gamratp.fr\/wp-json\/wp\/v2\/comments?post=40"}],"version-history":[{"count":4,"href":"https:\/\/gamratp.fr\/wp-json\/wp\/v2\/pages\/40\/revisions"}],"predecessor-version":[{"id":3999,"href":"https:\/\/gamratp.fr\/wp-json\/wp\/v2\/pages\/40\/revisions\/3999"}],"wp:attachment":[{"href":"https:\/\/gamratp.fr\/wp-json\/wp\/v2\/media?parent=40"}],"curies":[{"name":"wp","href":"https:\/\/api.w.org\/{rel}","templated":true}]}}